{"id":3730,"date":"2016-07-28T09:37:41","date_gmt":"2016-07-28T09:37:41","guid":{"rendered":"http:\/\/www.hotelsemaforodefisterra.com\/gl\/rutas-costa-da-morte\/"},"modified":"2016-09-14T15:39:35","modified_gmt":"2016-09-14T15:39:35","slug":"rutas-costa-da-morte","status":"publish","type":"page","link":"https:\/\/www.hotelsemaforodefisterra.com\/gl\/rutas-costa-da-morte\/","title":{"rendered":"Rutas costa da morte"},"content":{"rendered":"<p>[vc_row full_width=&#8221;stretch_row&#8221; parallax=&#8221;content-moving&#8221; position=&#8221;right center&#8221; css=&#8221;.vc_custom_1472041544619{margin-top: 32px !important;background-image: url(https:\/\/www.hotelsemaforodefisterra.com\/wp-content\/uploads\/2016\/07\/Senderismo-Costa-da-morte.jpg?id=3011) !important;background-position: center;background-repeat: no-repeat !important;background-size: cover !important;}&#8221;][vc_column el_class=&#8221;white-box content-padding text-uppercase&#8221;][vc_column_text]<\/p>\n<h2 class=\"text-uppercase\" style=\"text-align: center;\"><small>Nos conf\u00edns<br \/>\n<\/small>RUTAS &#8211; Cami\u00f1o de Santiago a Finisterre<\/h2>\n<p style=\"text-align: center;\">O Cami\u00f1o ao cabo do mundo \u00e9 unha prolongaci\u00f3n do Cami\u00f1o de Santiago que vai desde a mesma cidade de Santiago ata o faro de Fisterra, co\u00f1ecido como \u201co fin do mundo\u201d na \u00e9poca medieval.<\/p>\n<p style=\"text-align: center;\">A ruta p\u00f3dese realizar en 4 ou 5 d\u00edas andando, e en menos tempo se se prefire ir en bicicleta ou dacabalo.<br \/>\nEn total son un 90 km desde a Praza do Obradoiro, onde se atopa a catedral de Santiago de Compostela, ata o Faro de Finisterre.<\/p>\n<p style=\"text-align: center;\"><strong>RUTA DOS FAROS<\/strong><\/p>\n<p style=\"text-align: center;\">O Cami\u00f1o dous Faros \u00e9 unha ruta de sendeirismo de 200 quil\u00f3metros que une Malpica con Finisterre polo bordo do mar. Un cami\u00f1o que ten o mar como maior protagonista e que pasa por todos os faros e principais puntos de interese desta Costa da Morte.<\/p>\n<p style=\"text-align: center;\">M\u00e1is informaci\u00f3n en: <a href=\"http:\/\/www.caminodosfaros.com\/\" target=\"_blank\">http:\/\/www.caminodosfaros.com\/<\/a><\/p>\n<p style=\"text-align: center;\"><a class=\"btn btn-inline\" href=\"https:\/\/www.hotelsemaforodefisterra.com\/gl\/reservas-gal\/\">O MELLOR SITIO DESDE ONDE CO\u00d1ECELO <\/a><\/p>\n<p>[\/vc_column_text][\/vc_column][\/vc_row][vc_row][vc_column]<h2 class=\"text-center\"><small>\u00bfQUERES VISITAR O noso HOTEL?<\/small>DELICATESSEN HOTEL O SEM\u00c1FORO DE FISTERRA<\/h2><div class='services-carousel  owl-with-navigation' data-owl-items='4' data-owl-nav='true' data-owl-nav-text='[\"Anterior\",\"Seguinte\"]' data-owl-loop='true' data-owl-autoplay='true' data-owl-speed='2000' data-owl-hover='true' data-owl-mobile='1' data-owl-tablet='2' data-owl-dots='false'><div class='item'><a href=\"https:\/\/www.hotelsemaforodefisterra.com\/gl\/habitacions\/\" class=\"link-image\" title=\"Habitaci\u00f3ns\"><img loading=\"lazy\" decoding=\"async\" width=\"586\" height=\"440\" src=\"https:\/\/www.hotelsemaforodefisterra.com\/wp-content\/uploads\/2016\/08\/habitacion-hotel-semaforo-fisterra.jpg\" class=\"attachment-large size-large\" alt=\"\" srcset=\"https:\/\/www.hotelsemaforodefisterra.com\/wp-content\/uploads\/2016\/08\/habitacion-hotel-semaforo-fisterra.jpg 586w, https:\/\/www.hotelsemaforodefisterra.com\/wp-content\/uploads\/2016\/08\/habitacion-hotel-semaforo-fisterra-300x225.jpg 300w\" sizes=\"(max-width: 586px) 100vw, 586px\" \/><\/a><div class=\"item-content\"><h4><a href=\"https:\/\/www.hotelsemaforodefisterra.com\/gl\/habitacions\/\">Habitaci\u00f3ns<\/a><\/h4><p>Situadas en primeira li\u00f1a do mar, ofrecen un universo de relax e confort infinito.<\/p><\/div><\/div><div class='item'><a href=\"https:\/\/www.hotelsemaforodefisterra.com\/gl\/restaurante-del-semaforo\/\" class=\"link-image\" title=\"Restaurante O semafORO\"><img loading=\"lazy\" decoding=\"async\" width=\"750\" height=\"401\" src=\"https:\/\/www.hotelsemaforodefisterra.com\/wp-content\/uploads\/2016\/07\/IMG_5736-1024x548-1024x548.jpg\" class=\"attachment-large size-large\" alt=\"\" srcset=\"https:\/\/www.hotelsemaforodefisterra.com\/wp-content\/uploads\/2016\/07\/IMG_5736-1024x548.jpg 1024w, https:\/\/www.hotelsemaforodefisterra.com\/wp-content\/uploads\/2016\/07\/IMG_5736-1024x548-300x161.jpg 300w, https:\/\/www.hotelsemaforodefisterra.com\/wp-content\/uploads\/2016\/07\/IMG_5736-1024x548-768x411.jpg 768w\" sizes=\"(max-width: 750px) 100vw, 750px\" \/><\/a><div class=\"item-content\"><h4><a href=\"https:\/\/www.hotelsemaforodefisterra.com\/gl\/restaurante-del-semaforo\/\">Restaurante O semafORO<\/a><\/h4><p>Unha ampla oferta gastron\u00f3mica centrada nos produtos de Galicia.<\/p><\/div><\/div><div class='item'><a href=\"https:\/\/www.hotelsemaforodefisterra.com\/gl\/o-refuxio-del-semaforo\/\" class=\"link-image\" title=\"O Refuxio del semafORO\"><img loading=\"lazy\" decoding=\"async\" width=\"750\" height=\"498\" src=\"https:\/\/www.hotelsemaforodefisterra.com\/wp-content\/uploads\/2016\/08\/Bar-o-sem\u00e1foro-de-fisterra-1024x680.jpg\" class=\"attachment-large size-large\" alt=\"\" srcset=\"https:\/\/www.hotelsemaforodefisterra.com\/wp-content\/uploads\/2016\/08\/Bar-o-sem\u00e1foro-de-fisterra-1024x680.jpg 1024w, https:\/\/www.hotelsemaforodefisterra.com\/wp-content\/uploads\/2016\/08\/Bar-o-sem\u00e1foro-de-fisterra-300x199.jpg 300w, https:\/\/www.hotelsemaforodefisterra.com\/wp-content\/uploads\/2016\/08\/Bar-o-sem\u00e1foro-de-fisterra-768x510.jpg 768w\" sizes=\"(max-width: 750px) 100vw, 750px\" \/><\/a><div class=\"item-content\"><h4><a href=\"https:\/\/www.hotelsemaforodefisterra.com\/gl\/o-refuxio-del-semaforo\/\">O Refuxio del semafORO<\/a><\/h4><p>Algo r\u00e1pido, rico e saboroso, que che permita gozar f\u00f3ra, fronte ao infinito<\/p><\/div><\/div><div class='item'><a href=\"https:\/\/www.hotelsemaforodefisterra.com\/gl\/fisterra\/\" class=\"link-image\" title=\"Finisterre\"><img loading=\"lazy\" decoding=\"async\" width=\"750\" height=\"563\" src=\"https:\/\/www.hotelsemaforodefisterra.com\/wp-content\/uploads\/2016\/07\/Costa-da-morte-faro-de-fisterra-1024x768.jpg\" class=\"attachment-large size-large\" alt=\"\" srcset=\"https:\/\/www.hotelsemaforodefisterra.com\/wp-content\/uploads\/2016\/07\/Costa-da-morte-faro-de-fisterra-1024x768.jpg 1024w, https:\/\/www.hotelsemaforodefisterra.com\/wp-content\/uploads\/2016\/07\/Costa-da-morte-faro-de-fisterra-300x225.jpg 300w, https:\/\/www.hotelsemaforodefisterra.com\/wp-content\/uploads\/2016\/07\/Costa-da-morte-faro-de-fisterra-768x576.jpg 768w\" sizes=\"(max-width: 750px) 100vw, 750px\" \/><\/a><div class=\"item-content\"><h4><a href=\"https:\/\/www.hotelsemaforodefisterra.com\/gl\/fisterra\/\">Finisterre<\/a><\/h4><p>O fin do cami\u00f1o, finis terrae.<\/p><\/div><\/div><div class='item'><a href=\"https:\/\/www.hotelsemaforodefisterra.com\/gl\/costa-da-morte\/\" class=\"link-image\" title=\"Costa da Morte\"><img loading=\"lazy\" decoding=\"async\" width=\"750\" height=\"475\" src=\"https:\/\/www.hotelsemaforodefisterra.com\/wp-content\/uploads\/2016\/08\/bota-peregrinos-finisterre-1024x648.jpg\" class=\"attachment-large size-large\" alt=\"\" srcset=\"https:\/\/www.hotelsemaforodefisterra.com\/wp-content\/uploads\/2016\/08\/bota-peregrinos-finisterre-1024x648.jpg 1024w, https:\/\/www.hotelsemaforodefisterra.com\/wp-content\/uploads\/2016\/08\/bota-peregrinos-finisterre-300x190.jpg 300w, https:\/\/www.hotelsemaforodefisterra.com\/wp-content\/uploads\/2016\/08\/bota-peregrinos-finisterre-768x486.jpg 768w\" sizes=\"(max-width: 750px) 100vw, 750px\" \/><\/a><div class=\"item-content\"><h4><a href=\"https:\/\/www.hotelsemaforodefisterra.com\/gl\/costa-da-morte\/\">Costa da Morte<\/a><\/h4><p>A tradici\u00f3n mari\u00f1eira da rexi\u00f3n vese reflectida nos seus costumes, nas s\u00faas festas e na s\u00faa gastronom\u00eda.<\/p><\/div><\/div><\/div>[\/vc_column][\/vc_row]<\/p>\n","protected":false},"excerpt":{"rendered":"<p>[vc_row full_width=&#8221;stretch_row&#8221; parallax=&#8221;content-moving&#8221; position=&#8221;right center&#8221; css=&#8221;.vc_custom_1472041544619{margin-top: 32px !important;background-image: url(https:\/\/www.hotelsemaforodefisterra.com\/wp-content\/uploads\/2016\/07\/Senderismo-Costa-da-morte.jpg?id=3011) !important;background-position: center;background-repeat: no-repeat !important;background-size: cover !important;}&#8221;][vc_column el_class=&#8221;white-box content-padding text-uppercase&#8221;][vc_column_text] Nos conf\u00edns [&hellip;]<\/p>\n","protected":false},"author":7,"featured_media":0,"parent":0,"menu_order":0,"comment_status":"closed","ping_status":"closed","template":"","meta":{"footnotes":"","_joinchat":[]},"_links":{"self":[{"href":"https:\/\/www.hotelsemaforodefisterra.com\/gl\/wp-json\/wp\/v2\/pages\/3730"}],"collection":[{"href":"https:\/\/www.hotelsemaforodefisterra.com\/gl\/wp-json\/wp\/v2\/pages"}],"about":[{"href":"https:\/\/www.hotelsemaforodefisterra.com\/gl\/wp-json\/wp\/v2\/types\/page"}],"author":[{"embeddable":true,"href":"https:\/\/www.hotelsemaforodefisterra.com\/gl\/wp-json\/wp\/v2\/users\/7"}],"replies":[{"embeddable":true,"href":"https:\/\/www.hotelsemaforodefisterra.com\/gl\/wp-json\/wp\/v2\/comments?post=3730"}],"version-history":[{"count":1,"href":"https:\/\/www.hotelsemaforodefisterra.com\/gl\/wp-json\/wp\/v2\/pages\/3730\/revisions"}],"predecessor-version":[{"id":3741,"href":"https:\/\/www.hotelsemaforodefisterra.com\/gl\/wp-json\/wp\/v2\/pages\/3730\/revisions\/3741"}],"wp:attachment":[{"href":"https:\/\/www.hotelsemaforodefisterra.com\/gl\/wp-json\/wp\/v2\/media?parent=3730"}],"curies":[{"name":"wp","href":"https:\/\/api.w.org\/{rel}","templated":true}]}}